{"id":137,"date":"2021-03-18T19:59:03","date_gmt":"2021-03-18T19:59:03","guid":{"rendered":"https:\/\/kirche-heilig-geist.de\/?page_id=137"},"modified":"2026-01-19T12:00:16","modified_gmt":"2026-01-19T12:00:16","slug":"kulturheilig-geist","status":"publish","type":"page","link":"https:\/\/kirche-heilig-geist.de\/index.php\/kulturheilig-geist\/","title":{"rendered":"Kultur&#038;Heilig Geist"},"content":{"rendered":"\n<figure class=\"wp-block-image size-large\"><img loading=\"lazy\" decoding=\"async\" width=\"1024\" height=\"768\" src=\"https:\/\/kirche-heilig-geist.de\/wp-content\/uploads\/2021\/03\/P1140519-1024x768.jpg\" alt=\"\" class=\"wp-image-150\" srcset=\"https:\/\/kirche-heilig-geist.de\/wp-content\/uploads\/2021\/03\/P1140519-1024x768.jpg 1024w, https:\/\/kirche-heilig-geist.de\/wp-content\/uploads\/2021\/03\/P1140519-300x225.jpg 300w, https:\/\/kirche-heilig-geist.de\/wp-content\/uploads\/2021\/03\/P1140519-768x576.jpg 768w, https:\/\/kirche-heilig-geist.de\/wp-content\/uploads\/2021\/03\/P1140519-1536x1152.jpg 1536w, https:\/\/kirche-heilig-geist.de\/wp-content\/uploads\/2021\/03\/P1140519-2048x1536.jpg 2048w, https:\/\/kirche-heilig-geist.de\/wp-content\/uploads\/2021\/03\/P1140519-1600x1200.jpg 1600w\" sizes=\"auto, (max-width: 1024px) 100vw, 1024px\" \/><\/figure>\n\n\n\n<p><strong>Kultur und Heilig Geist<\/strong><\/p>\n\n\n\n<p>Liebe Musikfreunde, das Konzertjahr 2025 konnten wir mit einem fulminanten und auch sehr gut besuchten Konzert mit dem Kammerorchester der Komischen Oper w\u00fcrdig ausklingen lassen.<\/p>\n\n\n\n<p>Das neue Jahr beginnt nun wieder etwas intimer, wenngleich mit Erscheinen des Gemeindebriefes wohl sich der schon angek\u00fcndigte Liederabend am 24.Januar mit hoffentlich viel Zuspruch wieder in Schall und Rauch aufgel\u00f6st hat. Aber falls Sie diesen verpasst haben sollten, d\u00fcrfen Sie sich auf weitere besondere Konzerte freuen.<\/p>\n\n\n\n<p>Am<strong> Sonntag, den 8. M\u00e4rz um 16 Uhr<\/strong> wird wiederum der Fl\u00f6tist Gerrit Fr\u00f6hlich mit einem besonderen Trio zu Gast sein. Unter dem Motto <strong>\u201eVon Alain Delon bis Carnegie Hall\u201c<\/strong> wird Musik von Francis Poulenc und dem franz\u00f6sischen Jazzpianisten Claude Bolling erklingen. Schauplatz ist das Frankreich vom Ende der 1940er bis Anfang der 1970er Jahre mit den ber\u00fchmten Clubs von Saint-Germain, Boris Vian \u2013 die franz\u00f6sische Chansonszene und nat\u00fcrlich der franz\u00f6sische Film. Es erwartet Sie also eine Mischung aus Jazz, Klassik und Filmmusik.<\/p>\n\n\n\n<p>Am <strong>Samstag, den 25. April um 18 Uhr<\/strong> wird zum wiederholten Male der ber\u00fchmte norwegische Bandoneonist Per Arne Glorvigen, diesmal mit dem Cellisten \u00d8yvind Gimse ein besonderes Programm unter dem Titel <strong>\u201eBandoneon und Cello \u2013 Bach bis Tango\u201c<\/strong> zu Geh\u00f6r bringen. Es erklingen speziell f\u00fcr diese Besetzung arrangierte Werke von J.S. Bach, nat\u00fcrlich Tango-Melodien von Eduardo Arolas, aber auch eigene Kompositionen f\u00fcr diese reizvolle Besetzung.<\/p>\n\n\n\n<p>Au\u00dferhalb unserer eher \u201eklassischen\u201c Konzertreihe wird es am <strong>28. M\u00e4rz um 19 Uhr<\/strong> eine zeitgen\u00f6ssische Auff\u00fchrung einer <strong>\u201eaudiovisuellen Performance\u201c<\/strong> geben. Der Komponist Omer Eilam, der schon in einem fr\u00fcheren Konzert eigene elektroakustische Musik mit Schuberts \u201eWinterreise\u201c kombiniert hat, will gemeinsam mit dem bildenden K\u00fcnstler Paul B\u00f6hme auf der Basis der elektronischen Klangm\u00f6glichkeiten in Verbindung mit Lichtinstallationen neue Formen \u201emoderner geistlicher Musik\u201c erlebbar machen und versuchen, existentiellen Fragen spirituell nachzusp\u00fcren.<\/p>\n\n\n\n<p>Seien Sie, wie immer, zu allen Konzerten herzlich eingeladen! Der Eintritt ist, wie gewohnt, frei. Sagen Sie es gern weiter und informieren Sie sich gern auch \u00fcber weitere Konzerte auf unserer Website!<\/p>\n\n\n\n<p>Ihr Christian M\u00fcller<\/p>\n\n\n\n<figure class=\"wp-block-image size-large is-style-rounded\"><img loading=\"lazy\" decoding=\"async\" width=\"1024\" height=\"1024\" src=\"https:\/\/kirche-heilig-geist.de\/wp-content\/uploads\/2026\/01\/MaerzHGKonzert_260109-1024x1024.jpg\" alt=\"\" class=\"wp-image-1209\" srcset=\"https:\/\/kirche-heilig-geist.de\/wp-content\/uploads\/2026\/01\/MaerzHGKonzert_260109-1024x1024.jpg 1024w, https:\/\/kirche-heilig-geist.de\/wp-content\/uploads\/2026\/01\/MaerzHGKonzert_260109-300x300.jpg 300w, https:\/\/kirche-heilig-geist.de\/wp-content\/uploads\/2026\/01\/MaerzHGKonzert_260109-150x150.jpg 150w, https:\/\/kirche-heilig-geist.de\/wp-content\/uploads\/2026\/01\/MaerzHGKonzert_260109-768x768.jpg 768w, https:\/\/kirche-heilig-geist.de\/wp-content\/uploads\/2026\/01\/MaerzHGKonzert_260109-1536x1536.jpg 1536w, https:\/\/kirche-heilig-geist.de\/wp-content\/uploads\/2026\/01\/MaerzHGKonzert_260109-2048x2048.jpg 2048w, https:\/\/kirche-heilig-geist.de\/wp-content\/uploads\/2026\/01\/MaerzHGKonzert_260109-1600x1600.jpg 1600w\" sizes=\"auto, (max-width: 1024px) 100vw, 1024px\" \/><\/figure>\n\n\n\n<figure class=\"wp-block-image size-large\"><img loading=\"lazy\" decoding=\"async\" width=\"1024\" height=\"608\" src=\"https:\/\/kirche-heilig-geist.de\/wp-content\/uploads\/2023\/07\/HornHG_202307-1024x608.jpg\" alt=\"\" class=\"wp-image-730\" srcset=\"https:\/\/kirche-heilig-geist.de\/wp-content\/uploads\/2023\/07\/HornHG_202307-1024x608.jpg 1024w, https:\/\/kirche-heilig-geist.de\/wp-content\/uploads\/2023\/07\/HornHG_202307-300x178.jpg 300w, https:\/\/kirche-heilig-geist.de\/wp-content\/uploads\/2023\/07\/HornHG_202307-768x456.jpg 768w, https:\/\/kirche-heilig-geist.de\/wp-content\/uploads\/2023\/07\/HornHG_202307-1536x911.jpg 1536w, https:\/\/kirche-heilig-geist.de\/wp-content\/uploads\/2023\/07\/HornHG_202307-1600x949.jpg 1600w, https:\/\/kirche-heilig-geist.de\/wp-content\/uploads\/2023\/07\/HornHG_202307.jpg 1773w\" sizes=\"auto, (max-width: 1024px) 100vw, 1024px\" \/><\/figure>\n\n\n\n<p><strong> <\/strong><\/p>\n\n\n\n<figure class=\"wp-block-image size-full is-resized\"><img loading=\"lazy\" decoding=\"async\" width=\"450\" height=\"255\" src=\"https:\/\/kirche-heilig-geist.de\/wp-content\/uploads\/2025\/01\/grafik.png\" alt=\"\" class=\"wp-image-999\" style=\"width:840px;height:auto\" srcset=\"https:\/\/kirche-heilig-geist.de\/wp-content\/uploads\/2025\/01\/grafik.png 450w, https:\/\/kirche-heilig-geist.de\/wp-content\/uploads\/2025\/01\/grafik-300x170.png 300w\" sizes=\"auto, (max-width: 450px) 100vw, 450px\" \/><\/figure>\n\n\n\n<p><\/p>\n","protected":false},"excerpt":{"rendered":"<p>Kultur und Heilig Geist Liebe Musikfreunde, das Konzertjahr 2025 konnten wir mit einem fulminanten und auch sehr gut besuchten Konzert&hellip;<\/p>\n","protected":false},"author":1,"featured_media":0,"parent":0,"menu_order":0,"comment_status":"closed","ping_status":"closed","template":"","meta":{"footnotes":""},"class_list":["post-137","page","type-page","status-publish","hentry"],"yoast_head":"<!-- This site is optimized with the Yoast SEO plugin v27.5 - https:\/\/yoast.com\/product\/yoast-seo-wordpress\/ -->\n<title>Kultur&amp;Heilig Geist - Evangelische Heilig Geist Gemeinde Falkensee<\/title>\n<meta name=\"robots\" content=\"index, follow, max-snippet:-1, max-image-preview:large, max-video-preview:-1\" \/>\n<link rel=\"canonical\" href=\"https:\/\/kirche-heilig-geist.de\/index.php\/kulturheilig-geist\/\" \/>\n<meta property=\"og:locale\" content=\"de_DE\" \/>\n<meta property=\"og:type\" content=\"article\" \/>\n<meta property=\"og:title\" content=\"Kultur&amp;Heilig Geist - Evangelische Heilig Geist Gemeinde Falkensee\" \/>\n<meta property=\"og:description\" content=\"Kultur und Heilig Geist Liebe Musikfreunde, das Konzertjahr 2025 konnten wir mit einem fulminanten und auch sehr gut besuchten Konzert&hellip;\" \/>\n<meta property=\"og:url\" content=\"https:\/\/kirche-heilig-geist.de\/index.php\/kulturheilig-geist\/\" \/>\n<meta property=\"og:site_name\" content=\"Evangelische Heilig Geist Gemeinde Falkensee\" \/>\n<meta property=\"article:modified_time\" content=\"2026-01-19T12:00:16+00:00\" \/>\n<meta property=\"og:image\" content=\"https:\/\/kirche-heilig-geist.de\/wp-content\/uploads\/2021\/03\/P1140519-scaled.jpg\" \/>\n\t<meta property=\"og:image:width\" content=\"2560\" \/>\n\t<meta property=\"og:image:height\" content=\"1920\" \/>\n\t<meta property=\"og:image:type\" content=\"image\/jpeg\" \/>\n<meta name=\"twitter:card\" content=\"summary_large_image\" \/>\n<meta name=\"twitter:label1\" content=\"Gesch\u00e4tzte Lesezeit\" \/>\n\t<meta name=\"twitter:data1\" content=\"3\u00a0Minuten\" \/>\n<script type=\"application\/ld+json\" class=\"yoast-schema-graph\">{\"@context\":\"https:\\\/\\\/schema.org\",\"@graph\":[{\"@type\":\"WebPage\",\"@id\":\"https:\\\/\\\/kirche-heilig-geist.de\\\/index.php\\\/kulturheilig-geist\\\/\",\"url\":\"https:\\\/\\\/kirche-heilig-geist.de\\\/index.php\\\/kulturheilig-geist\\\/\",\"name\":\"Kultur&Heilig Geist - Evangelische Heilig Geist Gemeinde Falkensee\",\"isPartOf\":{\"@id\":\"https:\\\/\\\/kirche-heilig-geist.de\\\/#website\"},\"primaryImageOfPage\":{\"@id\":\"https:\\\/\\\/kirche-heilig-geist.de\\\/index.php\\\/kulturheilig-geist\\\/#primaryimage\"},\"image\":{\"@id\":\"https:\\\/\\\/kirche-heilig-geist.de\\\/index.php\\\/kulturheilig-geist\\\/#primaryimage\"},\"thumbnailUrl\":\"https:\\\/\\\/kirche-heilig-geist.de\\\/wp-content\\\/uploads\\\/2021\\\/03\\\/P1140519-1024x768.jpg\",\"datePublished\":\"2021-03-18T19:59:03+00:00\",\"dateModified\":\"2026-01-19T12:00:16+00:00\",\"breadcrumb\":{\"@id\":\"https:\\\/\\\/kirche-heilig-geist.de\\\/index.php\\\/kulturheilig-geist\\\/#breadcrumb\"},\"inLanguage\":\"de\",\"potentialAction\":[{\"@type\":\"ReadAction\",\"target\":[\"https:\\\/\\\/kirche-heilig-geist.de\\\/index.php\\\/kulturheilig-geist\\\/\"]}]},{\"@type\":\"ImageObject\",\"inLanguage\":\"de\",\"@id\":\"https:\\\/\\\/kirche-heilig-geist.de\\\/index.php\\\/kulturheilig-geist\\\/#primaryimage\",\"url\":\"https:\\\/\\\/kirche-heilig-geist.de\\\/wp-content\\\/uploads\\\/2021\\\/03\\\/P1140519-scaled.jpg\",\"contentUrl\":\"https:\\\/\\\/kirche-heilig-geist.de\\\/wp-content\\\/uploads\\\/2021\\\/03\\\/P1140519-scaled.jpg\",\"width\":2560,\"height\":1920},{\"@type\":\"BreadcrumbList\",\"@id\":\"https:\\\/\\\/kirche-heilig-geist.de\\\/index.php\\\/kulturheilig-geist\\\/#breadcrumb\",\"itemListElement\":[{\"@type\":\"ListItem\",\"position\":1,\"name\":\"Startseite\",\"item\":\"https:\\\/\\\/kirche-heilig-geist.de\\\/\"},{\"@type\":\"ListItem\",\"position\":2,\"name\":\"Kultur&#038;Heilig Geist\"}]},{\"@type\":\"WebSite\",\"@id\":\"https:\\\/\\\/kirche-heilig-geist.de\\\/#website\",\"url\":\"https:\\\/\\\/kirche-heilig-geist.de\\\/\",\"name\":\"Evangelische Heilig Geist Gemeinde Falkensee\",\"description\":\"Herzlich Willkommen in einer Kirche des Kirchenkreises Havelland\",\"potentialAction\":[{\"@type\":\"SearchAction\",\"target\":{\"@type\":\"EntryPoint\",\"urlTemplate\":\"https:\\\/\\\/kirche-heilig-geist.de\\\/?s={search_term_string}\"},\"query-input\":{\"@type\":\"PropertyValueSpecification\",\"valueRequired\":true,\"valueName\":\"search_term_string\"}}],\"inLanguage\":\"de\"}]}<\/script>\n<!-- \/ Yoast SEO plugin. -->","yoast_head_json":{"title":"Kultur&Heilig Geist - Evangelische Heilig Geist Gemeinde Falkensee","robots":{"index":"index","follow":"follow","max-snippet":"max-snippet:-1","max-image-preview":"max-image-preview:large","max-video-preview":"max-video-preview:-1"},"canonical":"https:\/\/kirche-heilig-geist.de\/index.php\/kulturheilig-geist\/","og_locale":"de_DE","og_type":"article","og_title":"Kultur&Heilig Geist - Evangelische Heilig Geist Gemeinde Falkensee","og_description":"Kultur und Heilig Geist Liebe Musikfreunde, das Konzertjahr 2025 konnten wir mit einem fulminanten und auch sehr gut besuchten Konzert&hellip;","og_url":"https:\/\/kirche-heilig-geist.de\/index.php\/kulturheilig-geist\/","og_site_name":"Evangelische Heilig Geist Gemeinde Falkensee","article_modified_time":"2026-01-19T12:00:16+00:00","og_image":[{"width":2560,"height":1920,"url":"https:\/\/kirche-heilig-geist.de\/wp-content\/uploads\/2021\/03\/P1140519-scaled.jpg","type":"image\/jpeg"}],"twitter_card":"summary_large_image","twitter_misc":{"Gesch\u00e4tzte Lesezeit":"3\u00a0Minuten"},"schema":{"@context":"https:\/\/schema.org","@graph":[{"@type":"WebPage","@id":"https:\/\/kirche-heilig-geist.de\/index.php\/kulturheilig-geist\/","url":"https:\/\/kirche-heilig-geist.de\/index.php\/kulturheilig-geist\/","name":"Kultur&Heilig Geist - Evangelische Heilig Geist Gemeinde Falkensee","isPartOf":{"@id":"https:\/\/kirche-heilig-geist.de\/#website"},"primaryImageOfPage":{"@id":"https:\/\/kirche-heilig-geist.de\/index.php\/kulturheilig-geist\/#primaryimage"},"image":{"@id":"https:\/\/kirche-heilig-geist.de\/index.php\/kulturheilig-geist\/#primaryimage"},"thumbnailUrl":"https:\/\/kirche-heilig-geist.de\/wp-content\/uploads\/2021\/03\/P1140519-1024x768.jpg","datePublished":"2021-03-18T19:59:03+00:00","dateModified":"2026-01-19T12:00:16+00:00","breadcrumb":{"@id":"https:\/\/kirche-heilig-geist.de\/index.php\/kulturheilig-geist\/#breadcrumb"},"inLanguage":"de","potentialAction":[{"@type":"ReadAction","target":["https:\/\/kirche-heilig-geist.de\/index.php\/kulturheilig-geist\/"]}]},{"@type":"ImageObject","inLanguage":"de","@id":"https:\/\/kirche-heilig-geist.de\/index.php\/kulturheilig-geist\/#primaryimage","url":"https:\/\/kirche-heilig-geist.de\/wp-content\/uploads\/2021\/03\/P1140519-scaled.jpg","contentUrl":"https:\/\/kirche-heilig-geist.de\/wp-content\/uploads\/2021\/03\/P1140519-scaled.jpg","width":2560,"height":1920},{"@type":"BreadcrumbList","@id":"https:\/\/kirche-heilig-geist.de\/index.php\/kulturheilig-geist\/#breadcrumb","itemListElement":[{"@type":"ListItem","position":1,"name":"Startseite","item":"https:\/\/kirche-heilig-geist.de\/"},{"@type":"ListItem","position":2,"name":"Kultur&#038;Heilig Geist"}]},{"@type":"WebSite","@id":"https:\/\/kirche-heilig-geist.de\/#website","url":"https:\/\/kirche-heilig-geist.de\/","name":"Evangelische Heilig Geist Gemeinde Falkensee","description":"Herzlich Willkommen in einer Kirche des Kirchenkreises Havelland","potentialAction":[{"@type":"SearchAction","target":{"@type":"EntryPoint","urlTemplate":"https:\/\/kirche-heilig-geist.de\/?s={search_term_string}"},"query-input":{"@type":"PropertyValueSpecification","valueRequired":true,"valueName":"search_term_string"}}],"inLanguage":"de"}]}},"_links":{"self":[{"href":"https:\/\/kirche-heilig-geist.de\/index.php\/wp-json\/wp\/v2\/pages\/137","targetHints":{"allow":["GET"]}}],"collection":[{"href":"https:\/\/kirche-heilig-geist.de\/index.php\/wp-json\/wp\/v2\/pages"}],"about":[{"href":"https:\/\/kirche-heilig-geist.de\/index.php\/wp-json\/wp\/v2\/types\/page"}],"author":[{"embeddable":true,"href":"https:\/\/kirche-heilig-geist.de\/index.php\/wp-json\/wp\/v2\/users\/1"}],"replies":[{"embeddable":true,"href":"https:\/\/kirche-heilig-geist.de\/index.php\/wp-json\/wp\/v2\/comments?post=137"}],"version-history":[{"count":37,"href":"https:\/\/kirche-heilig-geist.de\/index.php\/wp-json\/wp\/v2\/pages\/137\/revisions"}],"predecessor-version":[{"id":1222,"href":"https:\/\/kirche-heilig-geist.de\/index.php\/wp-json\/wp\/v2\/pages\/137\/revisions\/1222"}],"wp:attachment":[{"href":"https:\/\/kirche-heilig-geist.de\/index.php\/wp-json\/wp\/v2\/media?parent=137"}],"curies":[{"name":"wp","href":"https:\/\/api.w.org\/{rel}","templated":true}]}}